{"id":1373,"date":"2025-03-20T19:26:35","date_gmt":"2025-03-20T19:26:35","guid":{"rendered":"https:\/\/aiacnb.ca\/?page_id=1373"},"modified":"2025-08-20T14:58:08","modified_gmt":"2025-08-20T14:58:08","slug":"plan-strategique-2025-2030","status":"publish","type":"page","link":"http:\/\/aiacnb.ca\/fr\/plan-strategique-2025-2030\/","title":{"rendered":"Plan Strat\u00e9gique 2025-2030 de l\u2019AIAC-NB"},"content":{"rendered":"<div data-elementor-type=\"wp-page\" data-elementor-id=\"1373\" class=\"elementor elementor-1373\" data-elementor-post-type=\"page\">\n\t\t\t\t<div class=\"elementor-element elementor-element-256fc88 e-flex e-con-boxed e-con e-parent\" data-id=\"256fc88\" data-element_type=\"container\" data-settings=\"{&quot;container_type&quot;:&quot;flex&quot;,&quot;content_width&quot;:&quot;boxed&quot;}\" data-core-v316-plus=\"true\">\n\t\t\t\t\t<div class=\"e-con-inner\">\n\t\t\t\t<div class=\"elementor-element elementor-element-2ba6880 elementor-widget elementor-widget-image\" data-id=\"2ba6880\" data-element_type=\"widget\" data-widget_type=\"image.default\">\n\t\t\t\t<div class=\"elementor-widget-container\">\n\t\t\t<style>\/*! elementor - v3.19.0 - 07-02-2024 *\/\n.elementor-widget-image{text-align:center}.elementor-widget-image a{display:inline-block}.elementor-widget-image a img[src$=\".svg\"]{width:48px}.elementor-widget-image img{vertical-align:middle;display:inline-block}<\/style>\t\t\t\t\t\t\t\t\t\t<img fetchpriority=\"high\" decoding=\"async\" width=\"1024\" height=\"597\" src=\"https:\/\/aiacnb.ca\/wp-content\/uploads\/2025\/03\/Plan-Strategique-2025-2030-1024x597.webp\" class=\"attachment-large size-large wp-image-1375\" alt=\"\" srcset=\"https:\/\/aiacnb.ca\/wp-content\/uploads\/2025\/03\/Plan-Strategique-2025-2030-1024x597.webp 1024w, https:\/\/aiacnb.ca\/wp-content\/uploads\/2025\/03\/Plan-Strategique-2025-2030-300x175.webp 300w, https:\/\/aiacnb.ca\/wp-content\/uploads\/2025\/03\/Plan-Strategique-2025-2030-768x447.webp 768w, https:\/\/aiacnb.ca\/wp-content\/uploads\/2025\/03\/Plan-Strategique-2025-2030-18x10.webp 18w, https:\/\/aiacnb.ca\/wp-content\/uploads\/2025\/03\/Plan-Strategique-2025-2030.webp 1047w\" sizes=\"(max-width: 1024px) 100vw, 1024px\" \/>\t\t\t\t\t\t\t\t\t\t\t\t\t<\/div>\n\t\t\t\t<\/div>\n\t\t\t\t<div class=\"elementor-element elementor-element-726612f elementor-widget elementor-widget-heading\" data-id=\"726612f\" data-element_type=\"widget\" data-widget_type=\"heading.default\">\n\t\t\t\t<div class=\"elementor-widget-container\">\n\t\t\t<style>\/*! elementor - v3.19.0 - 07-02-2024 *\/\n.elementor-heading-title{padding:0;margin:0;line-height:1}.elementor-widget-heading .elementor-heading-title[class*=elementor-size-]>a{color:inherit;font-size:inherit;line-height:inherit}.elementor-widget-heading .elementor-heading-title.elementor-size-small{font-size:15px}.elementor-widget-heading .elementor-heading-title.elementor-size-medium{font-size:19px}.elementor-widget-heading .elementor-heading-title.elementor-size-large{font-size:29px}.elementor-widget-heading .elementor-heading-title.elementor-size-xl{font-size:39px}.elementor-widget-heading .elementor-heading-title.elementor-size-xxl{font-size:59px}<\/style><h1 class=\"elementor-heading-title elementor-size-default\">Plan Strat\u00e9gique 2025-2030 de l\u2019AIAC-NB<\/h1>\t\t<\/div>\n\t\t\t\t<\/div>\n\t\t\t\t<div class=\"elementor-element elementor-element-83c1208 elementor-widget elementor-widget-heading\" data-id=\"83c1208\" data-element_type=\"widget\" data-widget_type=\"heading.default\">\n\t\t\t\t<div class=\"elementor-widget-container\">\n\t\t\t<h2 class=\"elementor-heading-title elementor-size-default\">Une vision pour l\u2019avenir<\/h2>\t\t<\/div>\n\t\t\t\t<\/div>\n\t\t\t\t<div class=\"elementor-element elementor-element-b429c3d margin-0 elementor-widget elementor-widget-text-editor\" data-id=\"b429c3d\" data-element_type=\"widget\" data-widget_type=\"text-editor.default\">\n\t\t\t\t<div class=\"elementor-widget-container\">\n\t\t\t<style>\/*! elementor - v3.19.0 - 07-02-2024 *\/\n.elementor-widget-text-editor.elementor-drop-cap-view-stacked .elementor-drop-cap{background-color:#69727d;color:#fff}.elementor-widget-text-editor.elementor-drop-cap-view-framed .elementor-drop-cap{color:#69727d;border:3px solid;background-color:transparent}.elementor-widget-text-editor:not(.elementor-drop-cap-view-default) .elementor-drop-cap{margin-top:8px}.elementor-widget-text-editor:not(.elementor-drop-cap-view-default) .elementor-drop-cap-letter{width:1em;height:1em}.elementor-widget-text-editor .elementor-drop-cap{float:left;text-align:center;line-height:1;font-size:50px}.elementor-widget-text-editor .elementor-drop-cap-letter{display:inline-block}<\/style>\t\t\t\t<p class=\" translation-block\">L\u2019<strong>Association Initiatives Afro-Canadiennes - NB (AIAC-NB)<\/strong> s\u2019engage \u00e0 renforcer l\u2019\u00e9panouissement culturel, social et \u00e9conomique de la communaut\u00e9 afro-canadienne d\u2019expression fran\u00e7aise du <strong>Nouveau-Brunswick<\/strong>. Ce plan strat\u00e9gique vise \u00e0 structurer ses actions pour les prochaines ann\u00e9es et \u00e0 favoriser une soci\u00e9t\u00e9 plus inclusive et dynamique.<\/p>\t\t\t\t\t\t<\/div>\n\t\t\t\t<\/div>\n\t\t\t\t<div class=\"elementor-element elementor-element-e013710 elementor-widget elementor-widget-heading\" data-id=\"e013710\" data-element_type=\"widget\" data-widget_type=\"heading.default\">\n\t\t\t\t<div class=\"elementor-widget-container\">\n\t\t\t<h2 class=\"elementor-heading-title elementor-size-default\">\u00c9nonc\u00e9s fondamentaux\n<\/h2>\t\t<\/div>\n\t\t\t\t<\/div>\n\t\t\t\t<div class=\"elementor-element elementor-element-3fde01b elementor-widget elementor-widget-heading\" data-id=\"3fde01b\" data-element_type=\"widget\" data-widget_type=\"heading.default\">\n\t\t\t\t<div class=\"elementor-widget-container\">\n\t\t\t<h3 class=\"elementor-heading-title elementor-size-default\">\ud83c\udfaf Mission<\/h3>\t\t<\/div>\n\t\t\t\t<\/div>\n\t\t\t\t<div class=\"elementor-element elementor-element-18b706b margin-0 elementor-widget elementor-widget-text-editor\" data-id=\"18b706b\" data-element_type=\"widget\" data-widget_type=\"text-editor.default\">\n\t\t\t\t<div class=\"elementor-widget-container\">\n\t\t\t\t\t\t\t<p class=\" translation-block\">L\u2019AIAC-NB \u0153uvre pour l\u2019<strong>\u00e9panouissement culturel, social, \u00e9conomique et citoyen<\/strong> de la communaut\u00e9 afro-canadienne d\u2019expression fran\u00e7aise du Nouveau-Brunswick tout en valorisant la <strong>diversit\u00e9 du contexte socioculturel et linguistique<\/strong>.<\/p>\t\t\t\t\t\t<\/div>\n\t\t\t\t<\/div>\n\t\t\t\t<div class=\"elementor-element elementor-element-66ff3ee elementor-widget elementor-widget-heading\" data-id=\"66ff3ee\" data-element_type=\"widget\" data-widget_type=\"heading.default\">\n\t\t\t\t<div class=\"elementor-widget-container\">\n\t\t\t<h3 class=\"elementor-heading-title elementor-size-default\">\ud83c\udf1f Valeurs fondamentales<\/h3>\t\t<\/div>\n\t\t\t\t<\/div>\n\t\t\t\t<div class=\"elementor-element elementor-element-0101431 margin-0 elementor-widget elementor-widget-text-editor\" data-id=\"0101431\" data-element_type=\"widget\" data-widget_type=\"text-editor.default\">\n\t\t\t\t<div class=\"elementor-widget-container\">\n\t\t\t\t\t\t\t<p class=\" translation-block\">\ud83d\udd39 <b>Inclusion et diversit\u00e9<\/b> : Promouvoir une soci\u00e9t\u00e9 o\u00f9 la diversit\u00e9 est c\u00e9l\u00e9br\u00e9e et encourager la participation active de toutes et tous.<br \/>\n\ud83d\udd39 <b>Collaboration<\/b> : Construire des partenariats solides et f\u00e9d\u00e9rateurs pour maximiser l\u2019impact des actions.<br \/>\n\ud83d\udd39 <b>Solidarit\u00e9 communautaire<\/b> : Renforcer les liens et les r\u00e9seaux de soutien entre les communaut\u00e9s.<br \/>\n\ud83d\udd39 <b>D\u00e9veloppement personnel et collectif<\/b> : Valoriser l\u2019apprentissage, l\u2019expression des talents et le perfectionnement.<br \/>\n\ud83d\udd39 <b>Leadership <\/b>: Inspirer, guider et motiver avec int\u00e9grit\u00e9, vision et respect.<\/p>\t\t\t\t\t\t<\/div>\n\t\t\t\t<\/div>\n\t\t\t\t<div class=\"elementor-element elementor-element-49475e3 elementor-widget elementor-widget-heading\" data-id=\"49475e3\" data-element_type=\"widget\" data-widget_type=\"heading.default\">\n\t\t\t\t<div class=\"elementor-widget-container\">\n\t\t\t<h3 class=\"elementor-heading-title elementor-size-default\">\ud83d\ude80 Vision\n<\/h3>\t\t<\/div>\n\t\t\t\t<\/div>\n\t\t\t\t<div class=\"elementor-element elementor-element-c79781f margin-0 elementor-widget elementor-widget-text-editor\" data-id=\"c79781f\" data-element_type=\"widget\" data-widget_type=\"text-editor.default\">\n\t\t\t\t<div class=\"elementor-widget-container\">\n\t\t\t\t\t\t\t<p data-start=\"1529\" data-end=\"1709\" class=\" translation-block\">Une province o\u00f9 chaque Afro-Canadien peut se r\u00e9aliser pleinement, en mobilisant son potentiel, ses talents et ses savoirs pour contribuer <b>activement et positivement<\/b> \u00e0 la soci\u00e9t\u00e9.<\/p>\t\t\t\t\t\t<\/div>\n\t\t\t\t<\/div>\n\t\t\t\t<div class=\"elementor-element elementor-element-0f5e5f7 elementor-widget elementor-widget-heading\" data-id=\"0f5e5f7\" data-element_type=\"widget\" data-widget_type=\"heading.default\">\n\t\t\t\t<div class=\"elementor-widget-container\">\n\t\t\t<h2 class=\"elementor-heading-title elementor-size-default\">Axes strat\u00e9giques &amp; Initiatives\n<\/h2>\t\t<\/div>\n\t\t\t\t<\/div>\n\t\t\t\t<div class=\"elementor-element elementor-element-35fc673 margin-0 elementor-widget elementor-widget-text-editor\" data-id=\"35fc673\" data-element_type=\"widget\" data-widget_type=\"text-editor.default\">\n\t\t\t\t<div class=\"elementor-widget-container\">\n\t\t\t\t\t\t\t<p class=\" translation-block\">L\u2019AIAC-NB aligne son plan sur celui de la communaut\u00e9 acadienne et francophone du Nouveau-Brunswick (2022-2028), avec une approche structur\u00e9e autour de <b>trois th\u00e8mes majeurs<\/b> :<\/p>\t\t\t\t\t\t<\/div>\n\t\t\t\t<\/div>\n\t\t\t\t<div class=\"elementor-element elementor-element-8ace350 elementor-widget elementor-widget-heading\" data-id=\"8ace350\" data-element_type=\"widget\" data-widget_type=\"heading.default\">\n\t\t\t\t<div class=\"elementor-widget-container\">\n\t\t\t<h3 class=\"elementor-heading-title elementor-size-default\">Engagement et renforcement des liens<\/h3>\t\t<\/div>\n\t\t\t\t<\/div>\n\t\t\t\t<div class=\"elementor-element elementor-element-44c62ba margin-0 elementor-widget elementor-widget-text-editor\" data-id=\"44c62ba\" data-element_type=\"widget\" data-widget_type=\"text-editor.default\">\n\t\t\t\t<div class=\"elementor-widget-container\">\n\t\t\t\t\t\t\t<p data-start=\"1943\" data-end=\"2077\" class=\" translation-block\"><p data-start=\"1984\" data-end=\"2130\">\ud83d\udd39 <strong data-start=\"1987\" data-end=\"1999\">Objectif<\/strong> : D\u00e9velopper des partenariats solides avec les organismes afro-descendants, acadiens et francophones.<\/p><br \/><\/p><p data-start=\"1943\" data-end=\"2077\"><br data-start=\"2050\" data-end=\"2053\" \/>\u2705 <strong data-start=\"2055\" data-end=\"2074\"><b>Initiatives cl\u00e9s:<\/b><\/strong>:<\/p><ul data-start=\"2078\" data-end=\"2481\"><li data-start=\"2078\" data-end=\"2125\" class=\" translation-block\"><li data-start=\"2131\" data-end=\"2184\">Organisation d\u2019<b>\u00e9v\u00e9nements interculturels annuels<\/b>.<\/li><\/li><li data-start=\"2126\" data-end=\"2204\">Cr\u00e9ation de collaborations concr\u00e8tes avec <strong data-start=\"2162\" data-end=\"2201\">la communaut\u00e9 acadienne et francophone.<\/strong>.<\/li><li data-start=\"2205\" data-end=\"2292\">Mise en avant du <strong data-start=\"2233\" data-end=\"2263\">leadership afro-descendant<\/strong> via des prix et reconnaissances.<\/li><li data-start=\"2293\" data-end=\"2357\">D\u00e9veloppement <strong data-start=\"2306\" data-end=\"2327\">d'ateliers d\u2019\u00e9criture<\/strong> pour les jeunes afro-descendants.<\/li><li data-start=\"2358\" data-end=\"2481\">D\u00e9veloppement de <strong data-start=\"2385\" data-end=\"2420\">projets de m\u00e9diation interculturelle<\/strong> <b>et artistique.<\/b><\/li><\/ul><p data-start=\"2483\" data-end=\"2596\" class=\" translation-block\"><p data-start=\"2484\" data-end=\"2596\">\ud83d\udca1 <strong data-start=\"2487\" data-end=\"2506\">Enjeux &amp; Impact<\/strong> : Consolider l\u2019AIAC-NB comme un acteur cl\u00e9 du dialogue interculturel et de l\u2019inclusion.<\/p><\/p>\t\t\t\t\t\t<\/div>\n\t\t\t\t<\/div>\n\t\t\t\t<div class=\"elementor-element elementor-element-5349e3c elementor-widget elementor-widget-button\" data-id=\"5349e3c\" data-element_type=\"widget\" data-widget_type=\"button.default\">\n\t\t\t\t<div class=\"elementor-widget-container\">\n\t\t\t\t\t<div class=\"elementor-button-wrapper\">\n\t\t\t<a class=\"elementor-button elementor-button-link elementor-size-sm\" href=\"https:\/\/aiacnb.ca\/wp-content\/uploads\/2025\/03\/PlanStratgique_AIACNB.pdf\" target=\"_blank\">\n\t\t\t\t\t\t<span class=\"elementor-button-content-wrapper\">\n\t\t\t\t\t\t<span class=\"elementor-button-text\">T\u00e9l\u00e9chargez le document complet<\/span>\n\t\t<\/span>\n\t\t\t\t\t<\/a>\n\t\t<\/div>\n\t\t\t\t<\/div>\n\t\t\t\t<\/div>\n\t\t\t\t\t<\/div>\n\t\t\t\t<\/div>\n\t\t\t\t<\/div>","protected":false},"excerpt":{"rendered":"<p>AIAC-NB Strategic Plan 2025-2030 A Vision for the Future The Association Initiatives Afro-Canadiennes &#8211; NB (AIAC-NB) is committed to enhancing [&hellip;]<\/p>","protected":false},"author":2,"featured_media":1375,"parent":0,"menu_order":0,"comment_status":"closed","ping_status":"closed","template":"","meta":{"site-sidebar-layout":"no-sidebar","site-content-layout":"","ast-site-content-layout":"full-width-container","site-content-style":"default","site-sidebar-style":"default","ast-global-header-display":"","ast-banner-title-visibility":"","ast-main-header-display":"","ast-hfb-above-header-display":"","ast-hfb-below-header-display":"","ast-hfb-mobile-header-display":"","site-post-title":"disabled","ast-breadcrumbs-content":"","ast-featured-img":"disabled","footer-sml-layout":"","theme-transparent-header-meta":"","adv-header-id-meta":"","stick-header-meta":"","header-above-stick-meta":"","header-main-stick-meta":"","header-below-stick-meta":"","astra-migrate-meta-layouts":"default","ast-page-background-enabled":"default","ast-page-background-meta":{"desktop":{"background-color":"var(--ast-global-color-4)","background-image":"","background-repeat":"repeat","background-position":"center center","background-size":"auto","background-attachment":"scroll","background-type":"","background-media":"","overlay-type":"","overlay-color":"","overlay-gradient":""},"tablet":{"background-color":"","background-image":"","background-repeat":"repeat","background-position":"center center","background-size":"auto","background-attachment":"scroll","background-type":"","background-media":"","overlay-type":"","overlay-color":"","overlay-gradient":""},"mobile":{"background-color":"","background-image":"","background-repeat":"repeat","background-position":"center center","background-size":"auto","background-attachment":"scroll","background-type":"","background-media":"","overlay-type":"","overlay-color":"","overlay-gradient":""}},"ast-content-background-meta":{"desktop":{"background-color":"var(--ast-global-color-5)","background-image":"","background-repeat":"repeat","background-position":"center center","background-size":"auto","background-attachment":"scroll","background-type":"","background-media":"","overlay-type":"","overlay-color":"","overlay-gradient":""},"tablet":{"background-color":"var(--ast-global-color-5)","background-image":"","background-repeat":"repeat","background-position":"center center","background-size":"auto","background-attachment":"scroll","background-type":"","background-media":"","overlay-type":"","overlay-color":"","overlay-gradient":""},"mobile":{"background-color":"var(--ast-global-color-5)","background-image":"","background-repeat":"repeat","background-position":"center center","background-size":"auto","background-attachment":"scroll","background-type":"","background-media":"","overlay-type":"","overlay-color":"","overlay-gradient":""}},"footnotes":""},"class_list":["post-1373","page","type-page","status-publish","has-post-thumbnail","hentry"],"_links":{"self":[{"href":"http:\/\/aiacnb.ca\/fr\/wp-json\/wp\/v2\/pages\/1373","targetHints":{"allow":["GET"]}}],"collection":[{"href":"http:\/\/aiacnb.ca\/fr\/wp-json\/wp\/v2\/pages"}],"about":[{"href":"http:\/\/aiacnb.ca\/fr\/wp-json\/wp\/v2\/types\/page"}],"author":[{"embeddable":true,"href":"http:\/\/aiacnb.ca\/fr\/wp-json\/wp\/v2\/users\/2"}],"replies":[{"embeddable":true,"href":"http:\/\/aiacnb.ca\/fr\/wp-json\/wp\/v2\/comments?post=1373"}],"version-history":[{"count":26,"href":"http:\/\/aiacnb.ca\/fr\/wp-json\/wp\/v2\/pages\/1373\/revisions"}],"predecessor-version":[{"id":1632,"href":"http:\/\/aiacnb.ca\/fr\/wp-json\/wp\/v2\/pages\/1373\/revisions\/1632"}],"wp:featuredmedia":[{"embeddable":true,"href":"http:\/\/aiacnb.ca\/fr\/wp-json\/wp\/v2\/media\/1375"}],"wp:attachment":[{"href":"http:\/\/aiacnb.ca\/fr\/wp-json\/wp\/v2\/media?parent=1373"}],"curies":[{"name":"wp","href":"https:\/\/api.w.org\/{rel}","templated":true}]}}